{"id":111,"date":"2021-05-13T15:05:27","date_gmt":"2021-05-13T13:05:27","guid":{"rendered":"https:\/\/www.brall-tuchel.de\/?page_id=111"},"modified":"2023-08-13T23:26:00","modified_gmt":"2023-08-13T21:26:00","slug":"home","status":"publish","type":"page","link":"https:\/\/www.brall-tuchel.de\/","title":{"rendered":"Home"},"content":{"rendered":"\t\t<div data-elementor-type=\"wp-page\" data-elementor-id=\"111\" class=\"elementor elementor-111\">\n\t\t\t\t\t\t<section class=\"elementor-section elementor-top-section elementor-element elementor-element-bfdd91b elementor-section-boxed elementor-section-height-default elementor-section-height-default\" data-id=\"bfdd91b\" data-element_type=\"section\" data-e-type=\"section\">\n\t\t\t\t\t\t<div class=\"elementor-container elementor-column-gap-default\">\n\t\t\t\t\t<div class=\"elementor-column elementor-col-100 elementor-top-column elementor-element elementor-element-9465bd1\" data-id=\"9465bd1\" data-element_type=\"column\" data-e-type=\"column\">\n\t\t\t<div class=\"elementor-widget-wrap elementor-element-populated\">\n\t\t\t\t\t\t<div class=\"elementor-element elementor-element-394bb82 elementor-widget elementor-widget-spacer\" data-id=\"394bb82\" data-element_type=\"widget\" data-e-type=\"widget\" data-widget_type=\"spacer.default\">\n\t\t\t\t<div class=\"elementor-widget-container\">\n\t\t\t\t\t\t\t<div class=\"elementor-spacer\">\n\t\t\t<div class=\"elementor-spacer-inner\"><\/div>\n\t\t<\/div>\n\t\t\t\t\t\t<\/div>\n\t\t\t\t<\/div>\n\t\t\t\t\t<\/div>\n\t\t<\/div>\n\t\t\t\t\t<\/div>\n\t\t<\/section>\n\t\t\t\t<section class=\"elementor-section elementor-top-section elementor-element elementor-element-60ad565 elementor-section-boxed elementor-section-height-default elementor-section-height-default\" data-id=\"60ad565\" data-element_type=\"section\" data-e-type=\"section\">\n\t\t\t\t\t\t<div class=\"elementor-container elementor-column-gap-default\">\n\t\t\t\t\t<div class=\"elementor-column elementor-col-25 elementor-top-column elementor-element elementor-element-0e368c7\" data-id=\"0e368c7\" data-element_type=\"column\" data-e-type=\"column\">\n\t\t\t<div class=\"elementor-widget-wrap elementor-element-populated\">\n\t\t\t\t\t\t<div class=\"elementor-element elementor-element-1dd138b elementor-align-start elementor-icon-list--layout-traditional elementor-list-item-link-full_width elementor-widget elementor-widget-icon-list\" data-id=\"1dd138b\" data-element_type=\"widget\" data-e-type=\"widget\" data-widget_type=\"icon-list.default\">\n\t\t\t\t<div class=\"elementor-widget-container\">\n\t\t\t\t\t\t\t<ul class=\"elementor-icon-list-items\">\n\t\t\t\t\t\t\t<li class=\"elementor-icon-list-item\">\n\t\t\t\t\t\t\t\t\t\t\t<a href=\"https:\/\/www.brall-tuchel.de\/?page_id=159\">\n\n\t\t\t\t\t\t\t\t\t\t\t\t<span class=\"elementor-icon-list-icon\">\n\t\t\t\t\t\t\t<i aria-hidden=\"true\" class=\"fas fa-chevron-right\"><\/i>\t\t\t\t\t\t<\/span>\n\t\t\t\t\t\t\t\t\t\t<span class=\"elementor-icon-list-text\">\u00dcber mich <\/span>\n\t\t\t\t\t\t\t\t\t\t\t<\/a>\n\t\t\t\t\t\t\t\t\t<\/li>\n\t\t\t\t\t\t\t\t<li class=\"elementor-icon-list-item\">\n\t\t\t\t\t\t\t\t\t\t\t<a href=\"https:\/\/www.brall-tuchel.de\/?page_id=163\">\n\n\t\t\t\t\t\t\t\t\t\t\t\t<span class=\"elementor-icon-list-icon\">\n\t\t\t\t\t\t\t<i aria-hidden=\"true\" class=\"fas fa-chevron-right\"><\/i>\t\t\t\t\t\t<\/span>\n\t\t\t\t\t\t\t\t\t\t<span class=\"elementor-icon-list-text\">Publikationen<\/span>\n\t\t\t\t\t\t\t\t\t\t\t<\/a>\n\t\t\t\t\t\t\t\t\t<\/li>\n\t\t\t\t\t\t\t\t<li class=\"elementor-icon-list-item\">\n\t\t\t\t\t\t\t\t\t\t\t<a href=\"https:\/\/www.brall-tuchel.de\/?page_id=166\">\n\n\t\t\t\t\t\t\t\t\t\t\t\t<span class=\"elementor-icon-list-icon\">\n\t\t\t\t\t\t\t<i aria-hidden=\"true\" class=\"fas fa-chevron-right\"><\/i>\t\t\t\t\t\t<\/span>\n\t\t\t\t\t\t\t\t\t\t<span class=\"elementor-icon-list-text\">Vortr\u00e4ge<\/span>\n\t\t\t\t\t\t\t\t\t\t\t<\/a>\n\t\t\t\t\t\t\t\t\t<\/li>\n\t\t\t\t\t\t\t\t<li class=\"elementor-icon-list-item\">\n\t\t\t\t\t\t\t\t\t\t\t<a href=\"https:\/\/www.brall-tuchel.de\/?page_id=169\">\n\n\t\t\t\t\t\t\t\t\t\t\t\t<span class=\"elementor-icon-list-icon\">\n\t\t\t\t\t\t\t<i aria-hidden=\"true\" class=\"fas fa-chevron-right\"><\/i>\t\t\t\t\t\t<\/span>\n\t\t\t\t\t\t\t\t\t\t<span class=\"elementor-icon-list-text\">Projekte<\/span>\n\t\t\t\t\t\t\t\t\t\t\t<\/a>\n\t\t\t\t\t\t\t\t\t<\/li>\n\t\t\t\t\t\t\t\t<li class=\"elementor-icon-list-item\">\n\t\t\t\t\t\t\t\t\t\t\t<a href=\"https:\/\/www.brall-tuchel.de\/?page_id=174\">\n\n\t\t\t\t\t\t\t\t\t\t\t\t<span class=\"elementor-icon-list-icon\">\n\t\t\t\t\t\t\t<i aria-hidden=\"true\" class=\"fas fa-chevron-right\"><\/i>\t\t\t\t\t\t<\/span>\n\t\t\t\t\t\t\t\t\t\t<span class=\"elementor-icon-list-text\">Informationen f\u00fcr Studierende<\/span>\n\t\t\t\t\t\t\t\t\t\t\t<\/a>\n\t\t\t\t\t\t\t\t\t<\/li>\n\t\t\t\t\t\t<\/ul>\n\t\t\t\t\t\t<\/div>\n\t\t\t\t<\/div>\n\t\t\t\t<div class=\"elementor-element elementor-element-e31fc81 elementor-widget elementor-widget-spacer\" data-id=\"e31fc81\" data-element_type=\"widget\" data-e-type=\"widget\" data-widget_type=\"spacer.default\">\n\t\t\t\t<div class=\"elementor-widget-container\">\n\t\t\t\t\t\t\t<div class=\"elementor-spacer\">\n\t\t\t<div class=\"elementor-spacer-inner\"><\/div>\n\t\t<\/div>\n\t\t\t\t\t\t<\/div>\n\t\t\t\t<\/div>\n\t\t\t\t\t<\/div>\n\t\t<\/div>\n\t\t\t\t<div class=\"elementor-column elementor-col-50 elementor-top-column elementor-element elementor-element-3304e2b\" data-id=\"3304e2b\" data-element_type=\"column\" data-e-type=\"column\">\n\t\t\t<div class=\"elementor-widget-wrap elementor-element-populated\">\n\t\t\t\t\t\t<div class=\"elementor-element elementor-element-f1fe54e elementor-widget elementor-widget-text-editor\" data-id=\"f1fe54e\" data-element_type=\"widget\" data-e-type=\"widget\" data-widget_type=\"text-editor.default\">\n\t\t\t\t<div class=\"elementor-widget-container\">\n\t\t\t\t\t\t\t\t\t<h4>Ich begr\u00fc\u00dfe Sie auf den Seiten meines Internetauftritts.<\/h4><p>Hier finden Sie neben <strong>aktuelle<\/strong><strong>n Informationen<\/strong> Angaben zu meiner <strong>Person<\/strong>, zu meiner <strong>Forschung und Lehre<\/strong>, zu <strong>Projekten<\/strong> sowie meine <strong>Kontaktdaten und Sprechzeiten.\u00a0<\/strong><\/p><p>Prof. i. R. Dr. Helmut Brall-Tuchel<br \/>Germanistisches Institut der Heinrich-Heine-Universit\u00e4t D\u00fcsseldorf<br \/>Geb. 24.54 Etage\/Raum: 01.86<br \/>Universit\u00e4tsstr. 1<br \/>40225 D\u00fcsseldorf<\/p><p>E-mail: <a href=\"mailto:Helmut.Brall-Tuchel@uni-duesseldorf.de\">Helmut.Brall-Tuchel@uni-duesseldorf.de<\/a><\/p><p>Meine Sprechstunden finden zurzeit nur nach Vereinbarung (via E-mail oder Tel.) statt.<\/p><p>Privatanschrift:<br \/>Remscheiderstr. 6<br \/>40215 D\u00fcsseldorf<br \/>Tel.: 0211 370511<\/p><p>Studierende finden dar\u00fcber hinaus n\u00fctzliche Hinweise zur Sprechstunde, zu Beteiligungsnachweisen und zum wissenschaftlichen Arbeiten.<\/p><p>Seit dem Wintersemester 2018\/19 befinde ich mich im Ruhestand. Studierende und Examenskandidaten k\u00f6nnen ihre Arbeiten weiterhin gerne bei mir einreichen und ihre Pr\u00fcfungen ablegen. Im neuen Studiengang &#8222;Transkulturalit\u00e4t&#8220; bin ich weiterhin mit einer Lehrveranstaltung vertreten. <br \/><a style=\"color: #13aff0; text-decoration-style: dotted; text-decoration-skip-ink: none;\" href=\"https:\/\/lsf.uni-duesseldorf.de\/qisserver\/servlet\/de.his.servlet.RequestDispatcherServlet;jsessionid=7E1CDE54D70235E277E9BEBF047C192C.capuma-lsf-as06-p?state=verpublish&amp;status=init&amp;vmfile=no&amp;publishid=197718&amp;moduleCall=webInfo&amp;publishConfFile=webInfo&amp;publishSubDir=veranstaltung\">(Link zur aktuellen Veranstaltung)<\/a><\/p>\t\t\t\t\t\t\t\t<\/div>\n\t\t\t\t<\/div>\n\t\t\t\t<div class=\"elementor-element elementor-element-6fa1d40 elementor-widget elementor-widget-spacer\" data-id=\"6fa1d40\" data-element_type=\"widget\" data-e-type=\"widget\" data-widget_type=\"spacer.default\">\n\t\t\t\t<div class=\"elementor-widget-container\">\n\t\t\t\t\t\t\t<div class=\"elementor-spacer\">\n\t\t\t<div class=\"elementor-spacer-inner\"><\/div>\n\t\t<\/div>\n\t\t\t\t\t\t<\/div>\n\t\t\t\t<\/div>\n\t\t\t\t<div class=\"elementor-element elementor-element-c05015c elementor-widget elementor-widget-heading\" data-id=\"c05015c\" data-element_type=\"widget\" data-e-type=\"widget\" data-widget_type=\"heading.default\">\n\t\t\t\t<div class=\"elementor-widget-container\">\n\t\t\t\t\t<h2 class=\"elementor-heading-title elementor-size-medium\">Aktuelles<\/h2>\t\t\t\t<\/div>\n\t\t\t\t<\/div>\n\t\t\t\t\t<\/div>\n\t\t<\/div>\n\t\t\t\t<div class=\"elementor-column elementor-col-25 elementor-top-column elementor-element elementor-element-137c0e5\" data-id=\"137c0e5\" data-element_type=\"column\" data-e-type=\"column\">\n\t\t\t<div class=\"elementor-widget-wrap elementor-element-populated\">\n\t\t\t\t\t\t<div class=\"elementor-element elementor-element-02b736c elementor-widget elementor-widget-image\" data-id=\"02b736c\" data-element_type=\"widget\" data-e-type=\"widget\" data-widget_type=\"image.default\">\n\t\t\t\t<div class=\"elementor-widget-container\">\n\t\t\t\t\t\t\t\t\t\t\t\t<figure class=\"wp-caption\">\n\t\t\t\t\t\t\t\t\t\t<img decoding=\"async\" src=\"https:\/\/www.brall-tuchel.de\/wp-content\/uploads\/elementor\/thumbs\/Shooting-25.11.22-qa2ryfnnn9t87d5a1r2yq17rsyhu1llt7aemxzx0kg.jpeg\" title=\"Prof. Dr. Brall-Tuchel &#8211; Copyright: Alexander Vejnovic\" alt=\"Prof. Dr. Brall-Tuchel - Copyright: Alexander Vejnovic\" loading=\"lazy\" \/>\t\t\t\t\t\t\t\t\t\t\t<figcaption class=\"widget-image-caption wp-caption-text\">Copyright: <a href=\"https:\/\/alexander-vejnovic.de\/\">Alexander Vejnovic <\/a><\/figcaption>\n\t\t\t\t\t\t\t\t\t\t<\/figure>\n\t\t\t\t\t\t\t\t\t<\/div>\n\t\t\t\t<\/div>\n\t\t\t\t\t<\/div>\n\t\t<\/div>\n\t\t\t\t\t<\/div>\n\t\t<\/section>\n\t\t\t\t<section class=\"elementor-section elementor-top-section elementor-element elementor-element-cc2ccc9 elementor-section-boxed elementor-section-height-default elementor-section-height-default\" data-id=\"cc2ccc9\" data-element_type=\"section\" data-e-type=\"section\">\n\t\t\t\t\t\t<div class=\"elementor-container elementor-column-gap-default\">\n\t\t\t\t\t<div class=\"elementor-column elementor-col-25 elementor-top-column elementor-element elementor-element-6631e28\" data-id=\"6631e28\" data-element_type=\"column\" data-e-type=\"column\">\n\t\t\t<div class=\"elementor-widget-wrap\">\n\t\t\t\t\t\t\t<\/div>\n\t\t<\/div>\n\t\t\t\t<div class=\"elementor-column elementor-col-50 elementor-top-column elementor-element elementor-element-9869606\" data-id=\"9869606\" data-element_type=\"column\" data-e-type=\"column\">\n\t\t\t<div class=\"elementor-widget-wrap elementor-element-populated\">\n\t\t\t\t\t\t<div class=\"elementor-element elementor-element-dc90726 elementor-widget elementor-widget-text-editor\" data-id=\"dc90726\" data-element_type=\"widget\" data-e-type=\"widget\" data-widget_type=\"text-editor.default\">\n\t\t\t\t<div class=\"elementor-widget-container\">\n\t\t\t\t\t\t\t\t\t<h4><strong>Neuerscheinung<\/strong><\/h4><p><strong>Helmut Brall-Tuchel (Hrsg.): Mit anderen Augen. D\u00fcsseldorf aus der Sicht der Welt, D\u00fcsseldorf 2020 (215\u00a0Seiten, ISBN-Nummer\u00a0978-3-89978-388-9).<\/strong><\/p><p>National und international kennt man D\u00fcsseldorf unter Beinamen wie<br \/>\u201eKlein Paris\u201c, \u201eJapans Hauptstadt am Rhein\u201c oder \u201eL\u00e4ngste<br \/>Theke der Welt\u201c. Doch jenseits dieser Stereotypen haben sich in den<br \/>letzten Jahrzehnten neue und \u00fcberraschende Stadtansichten etabliert.<br \/>Bereichert und ver\u00e4ndert wurde das Bild D\u00fcsseldorfs durch<br \/>Vorstellungen und Erfahrungen, die im Kontakt mit G\u00e4sten aus aller<br \/>Herren L\u00e4nder, mit Studierenden, Wissenschaftlern und Partnern aus<br \/>Politik und Wirtschaft, aber auch mit Zwangsarbeitern und ehemaligen<br \/>B\u00fcrgern entstanden sind. Sie alle sahen und sehen D\u00fcsseldorf von<br \/>ihrer Warte aus, eben mit \u201emit anderen Augen\u201c. Und diese<br \/>\u201eandere\u201c Sicht verspricht vielf\u00e4ltige Anregungen f\u00fcr eine<br \/>zeitgem\u00e4\u00dfe, zukunftsorientierte und heimische Stadtkultur.<\/p><p><a href=\"https:\/\/lisa.gerda-henkel-stiftung.de\/duesseldorf_koeln\">Interview auf L.I.S.A. \u2013\u00a0 Das Wissenschaftsportal der Gerda Henkel Stiftung.<\/a><\/p><p style=\"font-weight: 400;\"><strong>Besprechungen:<\/strong><\/p><p style=\"font-weight: 400;\">Neue Rhein Zeitung Nr. 248 vom 23.10.2020 NDF 03<\/p><p style=\"font-weight: 400;\">D\u00fcsseldorfer Anzeiger vom 31.10. 2020 S. 5<\/p><p style=\"font-weight: 400;\">Westdeutsche Zeitung vom 4. 11. 2020, S. 20<\/p><p style=\"font-weight: 400;\">Rheinische Post vom 5. 11. 2020, C 5<\/p><p style=\"font-weight: 400;\">DJournal Heft 3 2020, S. 36<\/p><p style=\"font-weight: 400;\">das tor 01 2021, S. 4 f.<\/p><p><a href=\"https:\/\/www.brall-tuchel.de\/wp-content\/uploads\/2021\/10\/Jan-Wellem-Heft-3-Jahrgang-2021-S.-16..pdf\">Jan Wellem, Heft 3, Jahrgang 2021, S. 16.<\/a><\/p>\t\t\t\t\t\t\t\t<\/div>\n\t\t\t\t<\/div>\n\t\t\t\t<div class=\"elementor-element elementor-element-843fa3c elementor-widget-divider--view-line elementor-widget elementor-widget-divider\" data-id=\"843fa3c\" data-element_type=\"widget\" data-e-type=\"widget\" data-widget_type=\"divider.default\">\n\t\t\t\t<div class=\"elementor-widget-container\">\n\t\t\t\t\t\t\t<div class=\"elementor-divider\">\n\t\t\t<span class=\"elementor-divider-separator\">\n\t\t\t\t\t\t<\/span>\n\t\t<\/div>\n\t\t\t\t\t\t<\/div>\n\t\t\t\t<\/div>\n\t\t\t\t\t<\/div>\n\t\t<\/div>\n\t\t\t\t<div class=\"elementor-column elementor-col-25 elementor-top-column elementor-element elementor-element-75eb4d1\" data-id=\"75eb4d1\" data-element_type=\"column\" data-e-type=\"column\">\n\t\t\t<div class=\"elementor-widget-wrap elementor-element-populated\">\n\t\t\t\t\t\t<div class=\"elementor-element elementor-element-945588f elementor-widget elementor-widget-image\" data-id=\"945588f\" data-element_type=\"widget\" data-e-type=\"widget\" data-widget_type=\"image.default\">\n\t\t\t\t<div class=\"elementor-widget-container\">\n\t\t\t\t\t\t\t\t\t\t\t\t\t\t\t<img fetchpriority=\"high\" decoding=\"async\" width=\"590\" height=\"840\" src=\"https:\/\/www.brall-tuchel.de\/wp-content\/uploads\/2021\/05\/csm_media_90381407_95c5c8dc43.jpg\" class=\"attachment-large size-large wp-image-396\" alt=\"\" srcset=\"https:\/\/www.brall-tuchel.de\/wp-content\/uploads\/2021\/05\/csm_media_90381407_95c5c8dc43.jpg 590w, https:\/\/www.brall-tuchel.de\/wp-content\/uploads\/2021\/05\/csm_media_90381407_95c5c8dc43-211x300.jpg 211w\" sizes=\"(max-width: 590px) 100vw, 590px\" \/>\t\t\t\t\t\t\t\t\t\t\t\t\t\t\t<\/div>\n\t\t\t\t<\/div>\n\t\t\t\t\t<\/div>\n\t\t<\/div>\n\t\t\t\t\t<\/div>\n\t\t<\/section>\n\t\t\t\t<section class=\"elementor-section elementor-top-section elementor-element elementor-element-d3dff1e elementor-section-boxed elementor-section-height-default elementor-section-height-default\" data-id=\"d3dff1e\" data-element_type=\"section\" data-e-type=\"section\">\n\t\t\t\t\t\t<div class=\"elementor-container elementor-column-gap-default\">\n\t\t\t\t\t<div class=\"elementor-column elementor-col-25 elementor-top-column elementor-element elementor-element-1e58d6b\" data-id=\"1e58d6b\" data-element_type=\"column\" data-e-type=\"column\">\n\t\t\t<div class=\"elementor-widget-wrap\">\n\t\t\t\t\t\t\t<\/div>\n\t\t<\/div>\n\t\t\t\t<div class=\"elementor-column elementor-col-50 elementor-top-column elementor-element elementor-element-c288ac1\" data-id=\"c288ac1\" data-element_type=\"column\" data-e-type=\"column\">\n\t\t\t<div class=\"elementor-widget-wrap elementor-element-populated\">\n\t\t\t\t\t\t<div class=\"elementor-element elementor-element-b85986a elementor-widget elementor-widget-text-editor\" data-id=\"b85986a\" data-element_type=\"widget\" data-e-type=\"widget\" data-widget_type=\"text-editor.default\">\n\t\t\t\t<div class=\"elementor-widget-container\">\n\t\t\t\t\t\t\t\t\t<h4><strong>Neuerscheinung<\/strong><\/h4><p><strong>Helmut Brall-Tuchel (Hrsg.): Von Christen, Juden und Heiden. Der niederrheinische Orientbericht. Unter Mitarbeit von\u00a0Jana Katczynski, Verena Rheinberg und Sarafina Yamoah, G\u00f6ttingen 2019 (213 Seiten, ISBN-Nummer\u00a0978-3-8471-1017-0).<\/strong><\/p><p>Der Bericht eines namentlich nicht bekannten, rheinischen Autors f\u00fchrt hinein in die orientalische Welt des mittleren 14. Jahrhunderts. Er zeigt die Vielfalt der Glaubensverh\u00e4ltnisse im Orient und ist an Sitten, Gebr\u00e4uchen und Lebensformen interessiert. Er hat ein gewisses Gesp\u00fcr f\u00fcr politische Schachz\u00fcge und Machtkonstellationen in fremden Gesellschaften und legt f\u00fcr die historischen Verh\u00e4ltnisse eine ausgepr\u00e4gte religi\u00f6se Duldsamkeit an den Tag. Der bislang noch nicht hinreichend erschlossene Text wird auf der Grundlage der handschriftlichen \u00dcberlieferung ediert, \u00fcbersetzt und kommentiert.<\/p><p><strong>Pressestimmen<\/strong><\/p><p><a href=\"https:\/\/lisa.gerda-henkel-stiftung.de\/erste_allgemeine_orientkunde_in_deutscher_sprache?nav_id=8523&amp;language=de\">Interview mit dem Portal der Gerda-Henkel-Stiftung<\/a><\/p><p><a href=\"https:\/\/rp-online.de\/nrw\/staedte\/erkelenz\/erkelenz-professor-helmut-brall-tuchel-gibt-neues-buch-heraus_aid-46403291\">Artikel aus der Rheinischen Post<\/a>\u00a0(17.10.2019 erschienen)<\/p>\t\t\t\t\t\t\t\t<\/div>\n\t\t\t\t<\/div>\n\t\t\t\t<div class=\"elementor-element elementor-element-10fe800 elementor-widget-divider--view-line elementor-widget elementor-widget-divider\" data-id=\"10fe800\" data-element_type=\"widget\" data-e-type=\"widget\" data-widget_type=\"divider.default\">\n\t\t\t\t<div class=\"elementor-widget-container\">\n\t\t\t\t\t\t\t<div class=\"elementor-divider\">\n\t\t\t<span class=\"elementor-divider-separator\">\n\t\t\t\t\t\t<\/span>\n\t\t<\/div>\n\t\t\t\t\t\t<\/div>\n\t\t\t\t<\/div>\n\t\t\t\t\t<\/div>\n\t\t<\/div>\n\t\t\t\t<div class=\"elementor-column elementor-col-25 elementor-top-column elementor-element elementor-element-285a1de\" data-id=\"285a1de\" data-element_type=\"column\" data-e-type=\"column\">\n\t\t\t<div class=\"elementor-widget-wrap elementor-element-populated\">\n\t\t\t\t\t\t<div class=\"elementor-element elementor-element-c1a0755 elementor-widget elementor-widget-image\" data-id=\"c1a0755\" data-element_type=\"widget\" data-e-type=\"widget\" data-widget_type=\"image.default\">\n\t\t\t\t<div class=\"elementor-widget-container\">\n\t\t\t\t\t\t\t\t\t\t\t\t\t\t\t<img decoding=\"async\" width=\"590\" height=\"883\" src=\"https:\/\/www.brall-tuchel.de\/wp-content\/uploads\/2021\/05\/csm_Von_Christen__Juden_und_von_Heiden_2f4fdc74d2.jpg\" class=\"attachment-large size-large wp-image-397\" alt=\"\" srcset=\"https:\/\/www.brall-tuchel.de\/wp-content\/uploads\/2021\/05\/csm_Von_Christen__Juden_und_von_Heiden_2f4fdc74d2.jpg 590w, https:\/\/www.brall-tuchel.de\/wp-content\/uploads\/2021\/05\/csm_Von_Christen__Juden_und_von_Heiden_2f4fdc74d2-200x300.jpg 200w\" sizes=\"(max-width: 590px) 100vw, 590px\" \/>\t\t\t\t\t\t\t\t\t\t\t\t\t\t\t<\/div>\n\t\t\t\t<\/div>\n\t\t\t\t\t<\/div>\n\t\t<\/div>\n\t\t\t\t\t<\/div>\n\t\t<\/section>\n\t\t\t\t<section class=\"elementor-section elementor-top-section elementor-element elementor-element-24c3539 elementor-section-boxed elementor-section-height-default elementor-section-height-default\" data-id=\"24c3539\" data-element_type=\"section\" data-e-type=\"section\">\n\t\t\t\t\t\t<div class=\"elementor-container elementor-column-gap-default\">\n\t\t\t\t\t<div class=\"elementor-column elementor-col-25 elementor-top-column elementor-element elementor-element-a89fe15\" data-id=\"a89fe15\" data-element_type=\"column\" data-e-type=\"column\">\n\t\t\t<div class=\"elementor-widget-wrap\">\n\t\t\t\t\t\t\t<\/div>\n\t\t<\/div>\n\t\t\t\t<div class=\"elementor-column elementor-col-50 elementor-top-column elementor-element elementor-element-32f3837\" data-id=\"32f3837\" data-element_type=\"column\" data-e-type=\"column\">\n\t\t\t<div class=\"elementor-widget-wrap elementor-element-populated\">\n\t\t\t\t\t\t<div class=\"elementor-element elementor-element-93b6bdf elementor-widget elementor-widget-text-editor\" data-id=\"93b6bdf\" data-element_type=\"widget\" data-e-type=\"widget\" data-widget_type=\"text-editor.default\">\n\t\t\t\t<div class=\"elementor-widget-container\">\n\t\t\t\t\t\t\t\t\t<h4><strong>Neuerscheinung<\/strong><\/h4><p><strong>Helmut Brall-Tuchel (Hrsg.): Hochzeiten in transkultureller Perspektive.<br \/>Festschrift zum 25-j\u00e4hrigen Bestehen des Institus f\u00fcr Internationale Kommunikation e.V., Reihe: IIK-Abendakademie, herausgegeben von Heiner Barz und Matthias Jung, D\u00fcsseldorf 2016 (193 Seiten, ISBN-Nummer 978-3-95758-022-1).<\/strong><\/p><p>Hochzeiten sind Rituale, die \u00dcberg\u00e4nge im Leben von Personen und ihren Gruppen regeln. Der Jubil\u00e4umsband zum 25-j\u00e4hrigen Bestehen des Instituts f\u00fcr Internationale Kommunikation e. V. in D\u00fcsseldorf und Berlin untersucht Formen und Funktionen dieses wichtigen sozialen Rituals in Geschichte und Gegenwart. F\u00e4cher\u00fcbergreifend werden Theorie, historische Entwicklungen, inner- und transkulturelle Bedeutung von Hochzeit und Eheschlie\u00dfung unter kulturwissenschaftlicher Perspektive betrachtet.<br \/>Antike, mittelalterliche und vormoderne Gesellschaften betonen in ihren Hochzeitskonzepten st\u00e4rker den Aspekt der N\u00fctzlichkeit und dienen der Moderne als besch\u00f6nigender oder verzerrender Spiegel. In der Gegenwart zeichnen sich divergente, teils gegenl\u00e4ufige Tendenzen ab: Einerseits kommt es zu einer Verschmelzung und Hybridisierung konventioneller Rituale, aber auch zu Bem\u00fchungen um Wiederherstellung traditioneller Gewohnheiten. Andererseits gibt es moderne Ans\u00e4tze zu einer globalen, transkulturellen Geschlechterordnung mit enormer Auswirkung auf die k\u00fcnftige Heiratspraxis.\u00a0<\/p><p><strong>Pressestimmen<\/strong><\/p><p><a href=\"t3:\/\/file?uid=77986\">Artikel aus der NRZ und dem Medienspiegel <\/a>(01.07.\/04.07.16 erschienen)<\/p><p><a href=\"http:\/\/zoom-duesseldorf.net\/reich-mir-die-hand-fuers-leben\">Artikel aus dem ZOO:M Magazin<\/a> (04.07.16 erschienen)<\/p><p><strong>Rezensionen<\/strong><\/p><p><a href=\"t3:\/\/file?uid=83427\">Rezension aus &#8222;Alltag im Rheinland&#8220; des LVR-Instituts<\/a><\/p><p><a href=\"t3:\/\/file?uid=93523\">Rezension aus &#8222;Journal Proglas&#8220;<\/a><\/p>\t\t\t\t\t\t\t\t<\/div>\n\t\t\t\t<\/div>\n\t\t\t\t<div class=\"elementor-element elementor-element-3804cf4 elementor-widget elementor-widget-spacer\" data-id=\"3804cf4\" data-element_type=\"widget\" data-e-type=\"widget\" data-widget_type=\"spacer.default\">\n\t\t\t\t<div class=\"elementor-widget-container\">\n\t\t\t\t\t\t\t<div class=\"elementor-spacer\">\n\t\t\t<div class=\"elementor-spacer-inner\"><\/div>\n\t\t<\/div>\n\t\t\t\t\t\t<\/div>\n\t\t\t\t<\/div>\n\t\t\t\t\t<\/div>\n\t\t<\/div>\n\t\t\t\t<div class=\"elementor-column elementor-col-25 elementor-top-column elementor-element elementor-element-5b00b78\" data-id=\"5b00b78\" data-element_type=\"column\" data-e-type=\"column\">\n\t\t\t<div class=\"elementor-widget-wrap elementor-element-populated\">\n\t\t\t\t\t\t<div class=\"elementor-element elementor-element-9df85ea elementor-widget elementor-widget-image\" data-id=\"9df85ea\" data-element_type=\"widget\" data-e-type=\"widget\" data-widget_type=\"image.default\">\n\t\t\t\t<div class=\"elementor-widget-container\">\n\t\t\t\t\t\t\t\t\t\t\t\t\t\t\t<img decoding=\"async\" width=\"590\" height=\"861\" src=\"https:\/\/www.brall-tuchel.de\/wp-content\/uploads\/2021\/05\/csm_Hochzeiten_in_transkultureller_Perspektive_Titel_Homepage_76b8df5c23.jpg\" class=\"attachment-large size-large wp-image-399\" alt=\"\" srcset=\"https:\/\/www.brall-tuchel.de\/wp-content\/uploads\/2021\/05\/csm_Hochzeiten_in_transkultureller_Perspektive_Titel_Homepage_76b8df5c23.jpg 590w, https:\/\/www.brall-tuchel.de\/wp-content\/uploads\/2021\/05\/csm_Hochzeiten_in_transkultureller_Perspektive_Titel_Homepage_76b8df5c23-206x300.jpg 206w\" sizes=\"(max-width: 590px) 100vw, 590px\" \/>\t\t\t\t\t\t\t\t\t\t\t\t\t\t\t<\/div>\n\t\t\t\t<\/div>\n\t\t\t\t\t<\/div>\n\t\t<\/div>\n\t\t\t\t\t<\/div>\n\t\t<\/section>\n\t\t\t\t<section class=\"elementor-section elementor-top-section elementor-element elementor-element-12de1f1 elementor-section-boxed elementor-section-height-default elementor-section-height-default\" data-id=\"12de1f1\" data-element_type=\"section\" data-e-type=\"section\">\n\t\t\t\t\t\t<div class=\"elementor-container elementor-column-gap-default\">\n\t\t\t\t\t<div class=\"elementor-column elementor-col-100 elementor-top-column elementor-element elementor-element-89a7b0e\" data-id=\"89a7b0e\" data-element_type=\"column\" data-e-type=\"column\">\n\t\t\t<div class=\"elementor-widget-wrap elementor-element-populated\">\n\t\t\t\t\t\t\t<\/div>\n\t\t<\/div>\n\t\t\t\t\t<\/div>\n\t\t<\/section>\n\t\t\t\t<section class=\"elementor-section elementor-top-section elementor-element elementor-element-6cc95a4 elementor-section-boxed elementor-section-height-default elementor-section-height-default\" data-id=\"6cc95a4\" data-element_type=\"section\" data-e-type=\"section\">\n\t\t\t\t\t\t<div class=\"elementor-container elementor-column-gap-default\">\n\t\t\t\t\t<div class=\"elementor-column elementor-col-100 elementor-top-column elementor-element elementor-element-489854e\" data-id=\"489854e\" data-element_type=\"column\" data-e-type=\"column\">\n\t\t\t<div class=\"elementor-widget-wrap elementor-element-populated\">\n\t\t\t\t\t\t\t<\/div>\n\t\t<\/div>\n\t\t\t\t\t<\/div>\n\t\t<\/section>\n\t\t\t\t<\/div>\n\t\t","protected":false},"excerpt":{"rendered":"<p>\u00dcber mich Publikationen Vortr\u00e4ge Projekte Informationen f\u00fcr Studierende Ich begr\u00fc\u00dfe Sie auf den Seiten meines Internetauftritts. Hier finden Sie neben aktuellen Informationen Angaben zu meiner Person, zu meiner Forschung und Lehre, zu Projekten sowie meine Kontaktdaten und Sprechzeiten.\u00a0 Prof. i. R. Dr. Helmut Brall-TuchelGermanistisches Institut der Heinrich-Heine-Universit\u00e4t D\u00fcsseldorfGeb. 24.54 Etage\/Raum: 01.86Universit\u00e4tsstr. 140225 D\u00fcsseldorf E-mail: Helmut.Brall-Tuchel@uni-duesseldorf.de [&hellip;]<\/p>\n","protected":false},"author":3,"featured_media":0,"parent":0,"menu_order":0,"comment_status":"closed","ping_status":"closed","template":"","meta":{"ocean_post_layout":"full-screen","ocean_both_sidebars_style":"","ocean_both_sidebars_content_width":0,"ocean_both_sidebars_sidebars_width":0,"ocean_sidebar":"0","ocean_second_sidebar":"0","ocean_disable_margins":"enable","ocean_add_body_class":"","ocean_shortcode_before_top_bar":"","ocean_shortcode_after_top_bar":"","ocean_shortcode_before_header":"","ocean_shortcode_after_header":"","ocean_has_shortcode":"","ocean_shortcode_after_title":"","ocean_shortcode_before_footer_widgets":"","ocean_shortcode_after_footer_widgets":"","ocean_shortcode_before_footer_bottom":"","ocean_shortcode_after_footer_bottom":"","ocean_display_top_bar":"default","ocean_display_header":"default","ocean_header_style":"","ocean_center_header_left_menu":"0","ocean_custom_header_template":"0","ocean_custom_logo":0,"ocean_custom_retina_logo":0,"ocean_custom_logo_max_width":0,"ocean_custom_logo_tablet_max_width":0,"ocean_custom_logo_mobile_max_width":0,"ocean_custom_logo_max_height":0,"ocean_custom_logo_tablet_max_height":0,"ocean_custom_logo_mobile_max_height":0,"ocean_header_custom_menu":"0","ocean_menu_typo_font_family":"0","ocean_menu_typo_font_subset":"","ocean_menu_typo_font_size":0,"ocean_menu_typo_font_size_tablet":0,"ocean_menu_typo_font_size_mobile":0,"ocean_menu_typo_font_size_unit":"px","ocean_menu_typo_font_weight":"","ocean_menu_typo_font_weight_tablet":"","ocean_menu_typo_font_weight_mobile":"","ocean_menu_typo_transform":"","ocean_menu_typo_transform_tablet":"","ocean_menu_typo_transform_mobile":"","ocean_menu_typo_line_height":0,"ocean_menu_typo_line_height_tablet":0,"ocean_menu_typo_line_height_mobile":0,"ocean_menu_typo_line_height_unit":"","ocean_menu_typo_spacing":0,"ocean_menu_typo_spacing_tablet":0,"ocean_menu_typo_spacing_mobile":0,"ocean_menu_typo_spacing_unit":"","ocean_menu_link_color":"","ocean_menu_link_color_hover":"","ocean_menu_link_color_active":"","ocean_menu_link_background":"","ocean_menu_link_hover_background":"","ocean_menu_link_active_background":"","ocean_menu_social_links_bg":"","ocean_menu_social_hover_links_bg":"","ocean_menu_social_links_color":"","ocean_menu_social_hover_links_color":"","ocean_disable_title":"on","ocean_disable_heading":"default","ocean_post_title":"","ocean_post_subheading":"","ocean_post_title_style":"","ocean_post_title_background_color":"","ocean_post_title_background":0,"ocean_post_title_bg_image_position":"","ocean_post_title_bg_image_attachment":"","ocean_post_title_bg_image_repeat":"","ocean_post_title_bg_image_size":"","ocean_post_title_height":0,"ocean_post_title_bg_overlay":0.5,"ocean_post_title_bg_overlay_color":"","ocean_disable_breadcrumbs":"default","ocean_breadcrumbs_color":"","ocean_breadcrumbs_separator_color":"","ocean_breadcrumbs_links_color":"","ocean_breadcrumbs_links_hover_color":"","ocean_display_footer_widgets":"default","ocean_display_footer_bottom":"default","ocean_custom_footer_template":"0","footnotes":""},"class_list":["post-111","page","type-page","status-publish","hentry","entry"],"_links":{"self":[{"href":"https:\/\/www.brall-tuchel.de\/index.php?rest_route=\/wp\/v2\/pages\/111","targetHints":{"allow":["GET"]}}],"collection":[{"href":"https:\/\/www.brall-tuchel.de\/index.php?rest_route=\/wp\/v2\/pages"}],"about":[{"href":"https:\/\/www.brall-tuchel.de\/index.php?rest_route=\/wp\/v2\/types\/page"}],"author":[{"embeddable":true,"href":"https:\/\/www.brall-tuchel.de\/index.php?rest_route=\/wp\/v2\/users\/3"}],"replies":[{"embeddable":true,"href":"https:\/\/www.brall-tuchel.de\/index.php?rest_route=%2Fwp%2Fv2%2Fcomments&post=111"}],"version-history":[{"count":184,"href":"https:\/\/www.brall-tuchel.de\/index.php?rest_route=\/wp\/v2\/pages\/111\/revisions"}],"predecessor-version":[{"id":1418,"href":"https:\/\/www.brall-tuchel.de\/index.php?rest_route=\/wp\/v2\/pages\/111\/revisions\/1418"}],"wp:attachment":[{"href":"https:\/\/www.brall-tuchel.de\/index.php?rest_route=%2Fwp%2Fv2%2Fmedia&parent=111"}],"curies":[{"name":"wp","href":"https:\/\/api.w.org\/{rel}","templated":true}]}}